{"id":3,"date":"2024-11-04T14:16:18","date_gmt":"2024-11-04T13:16:18","guid":{"rendered":"https:\/\/eveiltherapie.com\/?page_id=3"},"modified":"2024-12-09T14:18:06","modified_gmt":"2024-12-09T13:18:06","slug":"politique-de-confidentialite","status":"publish","type":"page","link":"https:\/\/eveiltherapie.com\/index.php\/politique-de-confidentialite\/","title":{"rendered":"Politique de confidentialit\u00e9"},"content":{"rendered":"\t\t<div data-elementor-type=\"wp-page\" data-elementor-id=\"3\" class=\"elementor elementor-3\" data-elementor-post-type=\"page\">\n\t\t\t\t<div class=\"elementor-element elementor-element-4bda3d4 e-con-full elementor-hidden-tablet elementor-hidden-mobile e-flex e-con e-parent\" data-id=\"4bda3d4\" data-element_type=\"container\" data-settings=\"{&quot;background_background&quot;:&quot;classic&quot;,&quot;animation&quot;:&quot;none&quot;,&quot;sticky&quot;:&quot;top&quot;,&quot;sticky_on&quot;:[&quot;desktop&quot;],&quot;sticky_offset&quot;:0,&quot;sticky_effects_offset&quot;:0,&quot;sticky_anchor_link_offset&quot;:0}\">\n\t\t<div class=\"elementor-element elementor-element-27ea702 e-con-full e-flex e-con e-child\" data-id=\"27ea702\" data-element_type=\"container\" data-settings=\"{&quot;background_background&quot;:&quot;classic&quot;}\">\n\t\t<div class=\"elementor-element elementor-element-73f1903 e-con-full e-flex e-con e-child\" data-id=\"73f1903\" data-element_type=\"container\">\n\t\t\t\t<div class=\"elementor-element elementor-element-ea169b7 elementor-align-center elementor-widget__width-auto elementor-widget elementor-widget-button\" data-id=\"ea169b7\" data-element_type=\"widget\" data-widget_type=\"button.default\">\n\t\t\t\t<div class=\"elementor-widget-container\">\n\t\t\t\t\t\t\t\t\t<div class=\"elementor-button-wrapper\">\n\t\t\t\t\t<a class=\"elementor-button elementor-button-link elementor-size-sm\" href=\"tel:0784718020\">\n\t\t\t\t\t\t<span class=\"elementor-button-content-wrapper\">\n\t\t\t\t\t\t\t\t\t<span class=\"elementor-button-text\">Appeler<\/span>\n\t\t\t\t\t<\/span>\n\t\t\t\t\t<\/a>\n\t\t\t\t<\/div>\n\t\t\t\t\t\t\t\t<\/div>\n\t\t\t\t<\/div>\n\t\t\t\t<div class=\"elementor-element elementor-element-a3bacc7 elementor-align-center elementor-widget__width-auto elementor-widget elementor-widget-button\" data-id=\"a3bacc7\" data-element_type=\"widget\" data-widget_type=\"button.default\">\n\t\t\t\t<div class=\"elementor-widget-container\">\n\t\t\t\t\t\t\t\t\t<div class=\"elementor-button-wrapper\">\n\t\t\t\t\t<a class=\"elementor-button elementor-button-link elementor-size-sm\" href=\"https:\/\/eveiltherapie.com\/index.php\/contacter-therapeute-saint-jean-de-luz-ciboure-bayonne-biaritz\/#formulaire-contact-therapeute\">\n\t\t\t\t\t\t<span class=\"elementor-button-content-wrapper\">\n\t\t\t\t\t\t\t\t\t<span class=\"elementor-button-text\">Me contacter<\/span>\n\t\t\t\t\t<\/span>\n\t\t\t\t\t<\/a>\n\t\t\t\t<\/div>\n\t\t\t\t\t\t\t\t<\/div>\n\t\t\t\t<\/div>\n\t\t\t\t<div class=\"elementor-element elementor-element-fc594d6 elementor-search-form--skin-full_screen elementor-widget elementor-widget-search-form\" data-id=\"fc594d6\" data-element_type=\"widget\" data-settings=\"{&quot;skin&quot;:&quot;full_screen&quot;}\" data-widget_type=\"search-form.default\">\n\t\t\t\t<div class=\"elementor-widget-container\">\n\t\t\t\t\t\t\t<search role=\"search\">\n\t\t\t<form class=\"elementor-search-form\" action=\"https:\/\/eveiltherapie.com\" method=\"get\">\n\t\t\t\t\t\t\t\t\t\t\t\t<div class=\"elementor-search-form__toggle\" tabindex=\"0\" role=\"button\">\n\t\t\t\t\t<div class=\"e-font-icon-svg-container\"><svg aria-hidden=\"true\" class=\"e-font-icon-svg e-fas-search\" viewBox=\"0 0 512 512\" xmlns=\"http:\/\/www.w3.org\/2000\/svg\"><path d=\"M505 442.7L405.3 343c-4.5-4.5-10.6-7-17-7H372c27.6-35.3 44-79.7 44-128C416 93.1 322.9 0 208 0S0 93.1 0 208s93.1 208 208 208c48.3 0 92.7-16.4 128-44v16.3c0 6.4 2.5 12.5 7 17l99.7 99.7c9.4 9.4 24.6 9.4 33.9 0l28.3-28.3c9.4-9.4 9.4-24.6.1-34zM208 336c-70.7 0-128-57.2-128-128 0-70.7 57.2-128 128-128 70.7 0 128 57.2 128 128 0 70.7-57.2 128-128 128z\"><\/path><\/svg><\/div>\t\t\t\t\t<span class=\"elementor-screen-only\">Rechercher <\/span>\n\t\t\t\t<\/div>\n\t\t\t\t\t\t\t\t<div class=\"elementor-search-form__container\">\n\t\t\t\t\t<label class=\"elementor-screen-only\" for=\"elementor-search-form-fc594d6\">Rechercher <\/label>\n\n\t\t\t\t\t\n\t\t\t\t\t<input id=\"elementor-search-form-fc594d6\" placeholder=\"\" class=\"elementor-search-form__input\" type=\"search\" name=\"s\" value=\"\">\n\t\t\t\t\t\n\t\t\t\t\t\n\t\t\t\t\t\t\t\t\t\t<div class=\"dialog-lightbox-close-button dialog-close-button\" role=\"button\" tabindex=\"0\">\n\t\t\t\t\t\t<svg aria-hidden=\"true\" class=\"e-font-icon-svg e-eicon-close\" viewBox=\"0 0 1000 1000\" xmlns=\"http:\/\/www.w3.org\/2000\/svg\"><path d=\"M742 167L500 408 258 167C246 154 233 150 217 150 196 150 179 158 167 167 154 179 150 196 150 212 150 229 154 242 171 254L408 500 167 742C138 771 138 800 167 829 196 858 225 858 254 829L496 587 738 829C750 842 767 846 783 846 800 846 817 842 829 829 842 817 846 804 846 783 846 767 842 750 829 737L588 500 833 258C863 229 863 200 833 171 804 137 775 137 742 167Z\"><\/path><\/svg>\t\t\t\t\t\t<span class=\"elementor-screen-only\">Fermer ce champ de recherche.<\/span>\n\t\t\t\t\t<\/div>\n\t\t\t\t\t\t\t\t\t<\/div>\n\t\t\t<\/form>\n\t\t<\/search>\n\t\t\t\t\t\t<\/div>\n\t\t\t\t<\/div>\n\t\t\t\t<\/div>\n\t\t\t\t<\/div>\n\t\t<div class=\"elementor-element elementor-element-6253467 e-con-full e-flex e-con e-child\" data-id=\"6253467\" data-element_type=\"container\">\n\t\t<div class=\"elementor-element elementor-element-433b39b e-con-full e-flex e-con e-child\" data-id=\"433b39b\" data-element_type=\"container\">\n\t\t\t\t<\/div>\n\t\t<div class=\"elementor-element elementor-element-c726757 e-con-full e-flex e-con e-child\" data-id=\"c726757\" data-element_type=\"container\">\n\t\t\t\t<div class=\"elementor-element elementor-element-2a3111a elementor-nav-menu--dropdown-tablet elementor-nav-menu__text-align-aside elementor-nav-menu--toggle elementor-nav-menu--burger elementor-widget elementor-widget-nav-menu\" data-id=\"2a3111a\" data-element_type=\"widget\" data-settings=\"{&quot;layout&quot;:&quot;horizontal&quot;,&quot;submenu_icon&quot;:{&quot;value&quot;:&quot;&lt;svg class=\\&quot;e-font-icon-svg e-fas-caret-down\\&quot; viewBox=\\&quot;0 0 320 512\\&quot; xmlns=\\&quot;http:\\\/\\\/www.w3.org\\\/2000\\\/svg\\&quot;&gt;&lt;path d=\\&quot;M31.3 192h257.3c17.8 0 26.7 21.5 14.1 34.1L174.1 354.8c-7.8 7.8-20.5 7.8-28.3 0L17.2 226.1C4.6 213.5 13.5 192 31.3 192z\\&quot;&gt;&lt;\\\/path&gt;&lt;\\\/svg&gt;&quot;,&quot;library&quot;:&quot;fa-solid&quot;},&quot;toggle&quot;:&quot;burger&quot;}\" data-widget_type=\"nav-menu.default\">\n\t\t\t\t<div class=\"elementor-widget-container\">\n\t\t\t\t\t\t\t\t<nav aria-label=\"Menu Principal\" class=\"elementor-nav-menu--main elementor-nav-menu__container elementor-nav-menu--layout-horizontal e--pointer-none\">\n\t\t\t\t<ul id=\"menu-1-2a3111a\" class=\"elementor-nav-menu\"><li class=\"menu-item menu-item-type-post_type menu-item-object-page menu-item-home menu-item-1778\"><a href=\"https:\/\/eveiltherapie.com\/\" class=\"elementor-item\">\u00c9veil Th\u00e9rapie<\/a><\/li>\n<li class=\"menu-item menu-item-type-post_type menu-item-object-page menu-item-413\"><a href=\"https:\/\/eveiltherapie.com\/index.php\/therapie-emotionnelle-tout-age-saint-jean-de-luz-2\/\" class=\"elementor-item\">Massage acupression Dos, \u00e9paules, insomnies&#8230;<\/a><\/li>\n<li class=\"menu-item menu-item-type-post_type menu-item-object-page menu-item-621\"><a href=\"https:\/\/eveiltherapie.com\/index.php\/mes-engagements-de-therapeute-corps-conscience\/\" class=\"elementor-item\">Mes engagements<\/a><\/li>\n<li class=\"menu-item menu-item-type-post_type menu-item-object-page menu-item-1947\"><a href=\"https:\/\/eveiltherapie.com\/index.php\/ttps-eveiltherapie-com-index-php-therapie-emotionnelle-tout-age-saint-jean-de-luz-2\/\" class=\"elementor-item\">Honoraires<\/a><\/li>\n<li class=\"menu-item menu-item-type-post_type menu-item-object-page menu-item-993\"><a href=\"https:\/\/eveiltherapie.com\/index.php\/contacter-therapeute-saint-jean-de-luz-ciboure-bayonne-biarritz\/\" class=\"elementor-item\">Contact<\/a><\/li>\n<\/ul>\t\t\t<\/nav>\n\t\t\t\t\t<div class=\"elementor-menu-toggle\" role=\"button\" tabindex=\"0\" aria-label=\"Permuter le menu\" aria-expanded=\"false\">\n\t\t\t<svg aria-hidden=\"true\" role=\"presentation\" class=\"elementor-menu-toggle__icon--open e-font-icon-svg e-eicon-menu-bar\" viewBox=\"0 0 1000 1000\" xmlns=\"http:\/\/www.w3.org\/2000\/svg\"><path d=\"M104 333H896C929 333 958 304 958 271S929 208 896 208H104C71 208 42 237 42 271S71 333 104 333ZM104 583H896C929 583 958 554 958 521S929 458 896 458H104C71 458 42 487 42 521S71 583 104 583ZM104 833H896C929 833 958 804 958 771S929 708 896 708H104C71 708 42 737 42 771S71 833 104 833Z\"><\/path><\/svg><svg aria-hidden=\"true\" role=\"presentation\" class=\"elementor-menu-toggle__icon--close e-font-icon-svg e-eicon-close\" viewBox=\"0 0 1000 1000\" xmlns=\"http:\/\/www.w3.org\/2000\/svg\"><path d=\"M742 167L500 408 258 167C246 154 233 150 217 150 196 150 179 158 167 167 154 179 150 196 150 212 150 229 154 242 171 254L408 500 167 742C138 771 138 800 167 829 196 858 225 858 254 829L496 587 738 829C750 842 767 846 783 846 800 846 817 842 829 829 842 817 846 804 846 783 846 767 842 750 829 737L588 500 833 258C863 229 863 200 833 171 804 137 775 137 742 167Z\"><\/path><\/svg>\t\t\t<span class=\"elementor-screen-only\">Menu<\/span>\n\t\t<\/div>\n\t\t\t\t\t<nav class=\"elementor-nav-menu--dropdown elementor-nav-menu__container\" aria-hidden=\"true\">\n\t\t\t\t<ul id=\"menu-2-2a3111a\" class=\"elementor-nav-menu\"><li class=\"menu-item menu-item-type-post_type menu-item-object-page menu-item-home menu-item-1778\"><a href=\"https:\/\/eveiltherapie.com\/\" class=\"elementor-item\" tabindex=\"-1\">\u00c9veil Th\u00e9rapie<\/a><\/li>\n<li class=\"menu-item menu-item-type-post_type menu-item-object-page menu-item-413\"><a href=\"https:\/\/eveiltherapie.com\/index.php\/therapie-emotionnelle-tout-age-saint-jean-de-luz-2\/\" class=\"elementor-item\" tabindex=\"-1\">Massage acupression Dos, \u00e9paules, insomnies&#8230;<\/a><\/li>\n<li class=\"menu-item menu-item-type-post_type menu-item-object-page menu-item-621\"><a href=\"https:\/\/eveiltherapie.com\/index.php\/mes-engagements-de-therapeute-corps-conscience\/\" class=\"elementor-item\" tabindex=\"-1\">Mes engagements<\/a><\/li>\n<li class=\"menu-item menu-item-type-post_type menu-item-object-page menu-item-1947\"><a href=\"https:\/\/eveiltherapie.com\/index.php\/ttps-eveiltherapie-com-index-php-therapie-emotionnelle-tout-age-saint-jean-de-luz-2\/\" class=\"elementor-item\" tabindex=\"-1\">Honoraires<\/a><\/li>\n<li class=\"menu-item menu-item-type-post_type menu-item-object-page menu-item-993\"><a href=\"https:\/\/eveiltherapie.com\/index.php\/contacter-therapeute-saint-jean-de-luz-ciboure-bayonne-biarritz\/\" class=\"elementor-item\" tabindex=\"-1\">Contact<\/a><\/li>\n<\/ul>\t\t\t<\/nav>\n\t\t\t\t\t\t<\/div>\n\t\t\t\t<\/div>\n\t\t\t\t<\/div>\n\t\t\t\t<\/div>\n\t\t<div class=\"elementor-element elementor-element-ad258e8 e-con-full e-flex e-con e-child\" data-id=\"ad258e8\" data-element_type=\"container\">\n\t\t\t\t<div class=\"elementor-element elementor-element-8f9f8c1 elementor-widget elementor-widget-progress-tracker\" data-id=\"8f9f8c1\" data-element_type=\"widget\" data-settings=\"{&quot;direction&quot;:&quot;ltr&quot;,&quot;type&quot;:&quot;horizontal&quot;,&quot;relative_to&quot;:&quot;entire_page&quot;}\" data-widget_type=\"progress-tracker.default\">\n\t\t\t\t<div class=\"elementor-widget-container\">\n\t\t\t\t\t\n\t\t<div class=\"elementor-scrolling-tracker elementor-scrolling-tracker-horizontal elementor-scrolling-tracker-alignment-\">\n\t\t\t\t\t\t<div class=\"current-progress\">\n\t\t\t\t\t<div class=\"current-progress-percentage\"><\/div>\n\t\t\t\t<\/div>\n\t\t\t\t<\/div>\n\t\t\t\t\t\t<\/div>\n\t\t\t\t<\/div>\n\t\t\t\t<\/div>\n\t\t\t\t<\/div>\n\t\t<div class=\"elementor-element elementor-element-20e28328 e-flex e-con-boxed e-con e-parent\" data-id=\"20e28328\" data-element_type=\"container\">\n\t\t\t\t\t<div class=\"e-con-inner\">\n\t\t\t\t<div class=\"elementor-element elementor-element-3eef4f7f elementor-widget elementor-widget-text-editor\" data-id=\"3eef4f7f\" data-element_type=\"widget\" data-widget_type=\"text-editor.default\">\n\t\t\t\t<div class=\"elementor-widget-container\">\n\t\t\t\t\t\t\t\t\t<div data-id=\"1447fbc\" data-element_type=\"widget\" data-widget_type=\"heading.default\"><div><h3>CONDITIONS G\u00c9N\u00c9RALES D\u2019UTILISATION<\/h3><\/div><\/div><div data-id=\"219cfcd9\" data-element_type=\"widget\" data-widget_type=\"text-editor.default\"><p>Les pr\u00e9sentes conditions g\u00e9n\u00e9rales d\u2019utilisation (ci-apr\u00e8s d\u00e9nomm\u00e9es les \u00ab CGU \u00bb) s\u2019appliquent au site Internet dont l\u2019adresse url est\u00a0<a href=\"https:\/\/aev-grapho.fr.\/\" target=\"_self\" rel=\"noopener\">https:\/\/eveiltherapie.com<\/a>\u00a0(ci-apr\u00e8s d\u00e9nomm\u00e9 \u00ab le site \u00bb), \u00e9dit\u00e9 par <b>Nad\u00e8ge Tissier<\/b> (ci-apr\u00e8s d\u00e9nomm\u00e9e \u00ab Nad\u00e8ge Tissier\u00a0Th\u00e9rapeute \u00bb). En utilisant ce Site, vous acceptez les CGU de ce Site d\u00e9finies ci \u2013 apr\u00e8s. Si vous ne souhaitez pas accepter ces CGU, nous vous demandons de ne pas utiliser ce Site. Toute visite et\/ou utilisation de ce Site doit se faire dans le respect des pr\u00e9sentes CGU.<\/p><h3><b>OBJET DU SITE<\/b><\/h3><p><span style=\"text-align: var(--text-align); background-color: var(--theme-palette-color-8); color: var(--theme-text-color); font-family: var(--theme-font-family); font-size: var(--theme-font-size); font-style: var(--theme-font-style, inherit); font-variant-ligatures: inherit; font-variant-caps: inherit; font-weight: var(--theme-font-weight); letter-spacing: var(--theme-letter-spacing); text-transform: var(--theme-text-transform);\">Nad\u00e8ge Tissier<\/span><span style=\"text-align: var(--text-align); background-color: var(--theme-palette-color-8); color: var(--theme-text-color); font-family: var(--theme-font-family); font-size: var(--theme-font-size); font-style: var(--theme-font-style, inherit); font-variant-ligatures: inherit; font-variant-caps: inherit; font-weight: var(--theme-font-weight); letter-spacing: var(--theme-letter-spacing); text-transform: var(--theme-text-transform);\">\u00a0Th\u00e9rapeute<\/span><span style=\"text-align: var(--text-align); background-color: var(--theme-palette-color-8); color: var(--theme-text-color); font-family: var(--theme-font-family); font-size: var(--theme-font-size); font-style: var(--theme-font-style, inherit); font-variant-ligatures: inherit; font-variant-caps: inherit; font-weight: var(--theme-font-weight); letter-spacing: var(--theme-letter-spacing); text-transform: var(--theme-text-transform);\">\u00a0<\/span>a ouvert ce site pour l\u2019information personnelle de ses utilisateurs. Le site a \u00e9t\u00e9 \u00e9labor\u00e9 au profit de tous les internautes d\u00e9sireux de mieux conna\u00eetre Eveil Th\u00e9rapie, ses activit\u00e9s et ses services.<\/p><h3><b>MENTIONS L\u00c9GALES<\/b><\/h3><p><b>1. Ce site est \u00e9dit\u00e9 et vous est propos\u00e9 par Nad\u00e8ge Tissier, Th\u00e9rapeute.<\/b><br \/><span style=\"color: var(--theme-text-color); font-family: var(--theme-font-family); font-size: var(--theme-font-size); font-style: var(--theme-font-style, inherit); font-variant-ligatures: inherit; font-variant-caps: inherit; font-weight: var(--theme-font-weight); letter-spacing: var(--theme-letter-spacing); text-align: var(--text-align); text-transform: var(--theme-text-transform); background-color: var(--theme-palette-color-8);\">Nad\u00e8ge Tissier<\/span><span style=\"color: var(--theme-text-color); font-family: var(--theme-font-family); font-size: var(--theme-font-size); font-style: var(--theme-font-style, inherit); font-variant-ligatures: inherit; font-variant-caps: inherit; font-weight: var(--theme-font-weight); letter-spacing: var(--theme-letter-spacing); text-align: var(--text-align); text-transform: var(--theme-text-transform); background-color: var(--theme-palette-color-8);\">\u00a0Th\u00e9rapeute<\/span>\u00a0E.I<br \/>SIRET : 499608727<br \/>20 all\u00e9e de Chantaco<br \/>64500 Saint-Jean-de-Luz<\/p><p>Responsable de publication :\u00a0<span style=\"color: var(--theme-text-color); font-family: var(--theme-font-family); font-size: var(--theme-font-size); font-style: var(--theme-font-style, inherit); font-variant-ligatures: inherit; font-variant-caps: inherit; font-weight: var(--theme-font-weight); letter-spacing: var(--theme-letter-spacing); text-align: var(--text-align); text-transform: var(--theme-text-transform); background-color: var(--theme-palette-color-8);\">Nad\u00e8ge Tissier<\/span><br \/>Contact :\u00a0<span style=\"color: var(--theme-text-color); font-family: var(--theme-font-family); font-size: var(--theme-font-size); font-style: var(--theme-font-style, inherit); font-variant-ligatures: inherit; font-variant-caps: inherit; font-weight: var(--theme-font-weight); letter-spacing: var(--theme-letter-spacing); text-align: var(--text-align); text-transform: var(--theme-text-transform); background-color: var(--theme-palette-color-8);\">Nad\u00e8ge Tissier<\/span><br \/>Tel : 07 84 71 80 20<br \/>Mail : contact@eveiltherapie.com<\/p><p>Infos Site\/contenu : https:\/\/eveiltherapie.com<\/p><p><b>2. Webmaster &amp; Responsable de l\u2019h\u00e9bergement<\/b><br \/><span style=\"color: var(--theme-text-color); font-family: var(--theme-font-family); font-size: var(--theme-font-size); font-style: var(--theme-font-style, inherit); font-variant-ligatures: inherit; font-variant-caps: inherit; font-weight: var(--theme-font-weight); letter-spacing: var(--theme-letter-spacing); text-align: var(--text-align); text-transform: var(--theme-text-transform); background-color: var(--theme-palette-color-8);\">Nad\u00e8ge Tissier<\/span><\/p><p><b>3. H\u00e9bergement du Site<\/b><br \/><span style=\"font-size: inherit; text-align: inherit; color: var(--theme-text-color); font-family: var(--fontFamily); font-style: var(--fontStyle, inherit); font-weight: var(--fontWeight); letter-spacing: var(--letterSpacing); text-transform: var(--textTransform);\">OVH<br \/><\/span><span style=\"font-size: inherit; text-align: inherit; color: var(--theme-text-color); font-family: var(--fontFamily); font-style: var(--fontStyle, inherit); font-weight: var(--fontWeight); letter-spacing: var(--letterSpacing); text-transform: var(--textTransform);\">2 rue Kellermann<br \/><\/span><span style=\"font-size: inherit; text-align: inherit; color: var(--theme-text-color); font-family: var(--fontFamily); font-style: var(--fontStyle, inherit); font-weight: var(--fontWeight); letter-spacing: var(--letterSpacing); text-transform: var(--textTransform);\">59100 Roubaix \u2013 France.<\/span><\/p><p><b>4. Informations \u2013 Cr\u00e9dits photos<\/b><br \/><span style=\"font-size: inherit; text-align: inherit; color: var(--theme-text-color); font-family: var(--fontFamily); font-style: var(--fontStyle, inherit); font-weight: var(--fontWeight); letter-spacing: var(--letterSpacing); text-transform: var(--textTransform);\">La structure g\u00e9n\u00e9rale, ainsi que les textes, images anim\u00e9es ou non, sons, logos et tout autre \u00e9l\u00e9ment composant ce site sont la propri\u00e9t\u00e9 exclusive de l\u2019exploitant du site. Toute repr\u00e9sentation totale ou partielle de ce site, par quelque proc\u00e9d\u00e9 que ce soit, sans l\u2019autorisation expresse de l\u2019exploitant du site est interdite et constituerait une contrefa\u00e7on sanctionn\u00e9e par les articles L.335-2 et suivants du Code de la propri\u00e9t\u00e9 intellectuelle.<\/span><\/p><p><b>PROPRI\u00c9T\u00c9 INTELLECTUELLE<\/b><\/p><p>L\u2019ensemble des \u00e9l\u00e9ments graphiques, images, textes, s\u00e9quences anim\u00e9es sonores ou non, logos, marques, noms de produits, constituant et\/ou repr\u00e9sent\u00e9s sur le site sont prot\u00e9g\u00e9s par les lois concernant la Propri\u00e9t\u00e9 Intellectuelle et sont, selon les cas, propri\u00e9t\u00e9 de\u00a0<span style=\"color: var(--theme-text-color); font-family: var(--theme-font-family); font-size: var(--theme-font-size); font-style: var(--theme-font-style, inherit); font-variant-ligatures: inherit; font-variant-caps: inherit; font-weight: var(--theme-font-weight); letter-spacing: var(--theme-letter-spacing); text-align: var(--text-align); text-transform: var(--theme-text-transform); background-color: var(--theme-palette-color-8);\">Nad\u00e8ge Tissier<\/span><span style=\"color: var(--theme-text-color); font-family: var(--theme-font-family); font-size: var(--theme-font-size); font-style: var(--theme-font-style, inherit); font-variant-ligatures: inherit; font-variant-caps: inherit; font-weight: var(--theme-font-weight); letter-spacing: var(--theme-letter-spacing); text-align: var(--text-align); text-transform: var(--theme-text-transform); background-color: var(--theme-palette-color-8);\">\u00a0Th\u00e9rapeute<\/span>\u00a0ou propri\u00e9t\u00e9 de tiers ayant autoris\u00e9\u00a0<span style=\"color: var(--theme-text-color); font-family: var(--theme-font-family); font-size: var(--theme-font-size); font-style: var(--theme-font-style, inherit); font-variant-ligatures: inherit; font-variant-caps: inherit; font-weight: var(--theme-font-weight); letter-spacing: var(--theme-letter-spacing); text-align: var(--text-align); text-transform: var(--theme-text-transform); background-color: var(--theme-palette-color-8);\">Nad\u00e8ge Tissier<\/span><span style=\"color: var(--theme-text-color); font-family: var(--theme-font-family); font-size: var(--theme-font-size); font-style: var(--theme-font-style, inherit); font-variant-ligatures: inherit; font-variant-caps: inherit; font-weight: var(--theme-font-weight); letter-spacing: var(--theme-letter-spacing); text-align: var(--text-align); text-transform: var(--theme-text-transform); background-color: var(--theme-palette-color-8);\">\u00a0Th\u00e9rapeute<\/span>\u00a0\u00e0 les repr\u00e9senter sur le Site.<\/p><p>L\u2019ensemble de ce site constitue une oeuvre prot\u00e9g\u00e9e par les lois en vigueur sur la Propri\u00e9t\u00e9 Intellectuelle. Aucune reproduction et\/ou repr\u00e9sentation, partielle ou int\u00e9grale, ne pourra en \u00eatre faite sans l\u2019accord pr\u00e9alable et \u00e9crit de\u00a0<span style=\"color: var(--theme-text-color); font-family: var(--theme-font-family); font-size: var(--theme-font-size); font-style: var(--theme-font-style, inherit); font-variant-ligatures: inherit; font-variant-caps: inherit; font-weight: var(--theme-font-weight); letter-spacing: var(--theme-letter-spacing); text-align: var(--text-align); text-transform: var(--theme-text-transform); background-color: var(--theme-palette-color-8);\">Nad\u00e8ge Tissier<\/span><span style=\"color: var(--theme-text-color); font-family: var(--theme-font-family); font-size: var(--theme-font-size); font-style: var(--theme-font-style, inherit); font-variant-ligatures: inherit; font-variant-caps: inherit; font-weight: var(--theme-font-weight); letter-spacing: var(--theme-letter-spacing); text-align: var(--text-align); text-transform: var(--theme-text-transform); background-color: var(--theme-palette-color-8);\">\u00a0Th\u00e9rapeute<\/span>.<br \/><span style=\"font-size: inherit; text-align: inherit; color: var(--theme-text-color); font-family: var(--fontFamily); font-style: var(--fontStyle, inherit); font-weight: var(--fontWeight); letter-spacing: var(--letterSpacing); text-transform: var(--textTransform);\">La d\u00e9nomination, le logotype\u00a0<\/span><span style=\"color: var(--theme-text-color); font-family: var(--theme-font-family); font-size: var(--theme-font-size); font-style: var(--theme-font-style, inherit); font-variant-ligatures: inherit; font-variant-caps: inherit; font-weight: var(--theme-font-weight); letter-spacing: var(--theme-letter-spacing); text-align: var(--text-align); text-transform: var(--theme-text-transform); background-color: var(--theme-palette-color-8);\">Nad\u00e8ge Tissier<\/span><span style=\"color: var(--theme-text-color); font-family: var(--theme-font-family); font-size: var(--theme-font-size); font-style: var(--theme-font-style, inherit); font-variant-ligatures: inherit; font-variant-caps: inherit; font-weight: var(--theme-font-weight); letter-spacing: var(--theme-letter-spacing); text-align: var(--text-align); text-transform: var(--theme-text-transform); background-color: var(--theme-palette-color-8);\">\u00a0Th\u00e9rapeute<\/span><span style=\"font-size: inherit; text-align: inherit; color: var(--theme-text-color); font-family: var(--fontFamily); font-style: var(--fontStyle, inherit); font-weight: var(--fontWeight); letter-spacing: var(--letterSpacing); text-transform: var(--textTransform);\">, les slogans sont, sauf indication particuli\u00e8re, des marques d\u00e9pos\u00e9es par\u00a0<\/span><span style=\"color: var(--theme-text-color); font-family: var(--theme-font-family); font-size: var(--theme-font-size); font-style: var(--theme-font-style, inherit); font-variant-ligatures: inherit; font-variant-caps: inherit; font-weight: var(--theme-font-weight); letter-spacing: var(--theme-letter-spacing); text-align: var(--text-align); text-transform: var(--theme-text-transform); background-color: var(--theme-palette-color-8);\">Nad\u00e8ge Tissier<\/span><span style=\"color: var(--theme-text-color); font-family: var(--theme-font-family); font-size: var(--theme-font-size); font-style: var(--theme-font-style, inherit); font-variant-ligatures: inherit; font-variant-caps: inherit; font-weight: var(--theme-font-weight); letter-spacing: var(--theme-letter-spacing); text-align: var(--text-align); text-transform: var(--theme-text-transform); background-color: var(--theme-palette-color-8);\">\u00a0Th\u00e9rapeute<\/span><span style=\"font-size: inherit; text-align: inherit; color: var(--theme-text-color); font-family: var(--fontFamily); font-style: var(--fontStyle, inherit); font-weight: var(--fontWeight); letter-spacing: var(--letterSpacing); text-transform: var(--textTransform);\">.<br \/><\/span><span style=\"color: var(--theme-text-color); font-family: var(--fontFamily); font-size: inherit; font-style: var(--fontStyle, inherit); font-weight: var(--fontWeight); letter-spacing: var(--letterSpacing); text-align: inherit; text-transform: var(--textTransform);\">Toute reproduction, utilisation et\/ou modification qui en serait faite sans l\u2019accord pr\u00e9alable et \u00e9crit de\u00a0<\/span><span style=\"color: var(--theme-text-color); font-family: var(--theme-font-family); font-size: var(--theme-font-size); font-style: var(--theme-font-style, inherit); font-variant-ligatures: inherit; font-variant-caps: inherit; font-weight: var(--theme-font-weight); letter-spacing: var(--theme-letter-spacing); text-align: var(--text-align); text-transform: var(--theme-text-transform); background-color: var(--theme-palette-color-8);\">Nad\u00e8ge Tissier<\/span><span style=\"color: var(--theme-text-color); font-family: var(--theme-font-family); font-size: var(--theme-font-size); font-style: var(--theme-font-style, inherit); font-variant-ligatures: inherit; font-variant-caps: inherit; font-weight: var(--theme-font-weight); letter-spacing: var(--theme-letter-spacing); text-align: var(--text-align); text-transform: var(--theme-text-transform); background-color: var(--theme-palette-color-8);\">\u00a0Th\u00e9rapeute<\/span><span style=\"color: var(--theme-text-color); font-family: var(--fontFamily); font-size: inherit; font-style: var(--fontStyle, inherit); font-weight: var(--fontWeight); letter-spacing: var(--letterSpacing); text-align: inherit; text-transform: var(--textTransform);\">\u00a0est susceptible d\u2019en constituer la contrefa\u00e7on et d\u2019\u00eatre poursuivie devant les Tribunaux comp\u00e9tents.<br \/><\/span><span style=\"color: var(--theme-text-color); font-family: var(--fontFamily); font-size: inherit; font-style: var(--fontStyle, inherit); font-weight: var(--fontWeight); letter-spacing: var(--letterSpacing); text-align: inherit; text-transform: var(--textTransform);\">Tout t\u00e9l\u00e9chargement, toute reproduction, repr\u00e9sentation, adaptation, traduction, et\/ou transformation, partielles ou int\u00e9grales, ou transfert sur un autre site ou sur quelqu\u2019autre support (papier, support num\u00e9rique, film, etc\u2026) sont strictement interdits.<\/span><\/p><p><b>RESPONSABILIT\u00c9<\/b><\/p><p><b>1. Acc\u00e8s, fonctionnement et continuit\u00e9 du Site<\/b><br \/><span style=\"color: var(--theme-text-color); font-family: var(--theme-font-family); font-size: var(--theme-font-size); font-style: var(--theme-font-style, inherit); font-variant-ligatures: inherit; font-variant-caps: inherit; font-weight: var(--theme-font-weight); letter-spacing: var(--theme-letter-spacing); text-align: var(--text-align); text-transform: var(--theme-text-transform); background-color: var(--theme-palette-color-8);\">Nad\u00e8ge Tissier<\/span><span style=\"color: var(--theme-text-color); font-family: var(--theme-font-family); font-size: var(--theme-font-size); font-style: var(--theme-font-style, inherit); font-variant-ligatures: inherit; font-variant-caps: inherit; font-weight: var(--theme-font-weight); letter-spacing: var(--theme-letter-spacing); text-align: var(--text-align); text-transform: var(--theme-text-transform); background-color: var(--theme-palette-color-8);\">\u00a0Th\u00e9rapeute<\/span><span style=\"font-size: inherit; text-align: inherit; color: var(--theme-text-color); font-family: var(--fontFamily); font-style: var(--fontStyle, inherit); font-weight: var(--fontWeight); letter-spacing: var(--letterSpacing); text-transform: var(--textTransform);\">\u00a0ne peut pas garantir l\u2019acc\u00e8s, le fonctionnement et la continuit\u00e9 du site de fa\u00e7on ininterrompue et exempte de toute erreur.<br \/><\/span><span style=\"color: var(--theme-text-color); font-family: var(--theme-font-family); font-size: var(--theme-font-size); font-style: var(--theme-font-style, inherit); font-variant-ligatures: inherit; font-variant-caps: inherit; font-weight: var(--theme-font-weight); letter-spacing: var(--theme-letter-spacing); text-align: var(--text-align); text-transform: var(--theme-text-transform); background-color: var(--theme-palette-color-8);\">Nad\u00e8ge Tissier<\/span><span style=\"color: var(--theme-text-color); font-family: var(--theme-font-family); font-size: var(--theme-font-size); font-style: var(--theme-font-style, inherit); font-variant-ligatures: inherit; font-variant-caps: inherit; font-weight: var(--theme-font-weight); letter-spacing: var(--theme-letter-spacing); text-align: var(--text-align); text-transform: var(--theme-text-transform); background-color: var(--theme-palette-color-8);\">\u00a0Th\u00e9rapeute<\/span><span style=\"color: var(--theme-text-color); font-family: var(--fontFamily); font-size: inherit; font-style: var(--fontStyle, inherit); font-weight: var(--fontWeight); letter-spacing: var(--letterSpacing); text-align: inherit; text-transform: var(--textTransform);\">\u00a0n\u2019est tenue que d\u2019une obligation de moyen en ce qui concerne l\u2019acc\u00e8s, le fonctionnement et la continuit\u00e9 du Site.\u00a0<\/span><span style=\"color: var(--theme-text-color); font-family: var(--theme-font-family); font-size: var(--theme-font-size); font-style: var(--theme-font-style, inherit); font-variant-ligatures: inherit; font-variant-caps: inherit; font-weight: var(--theme-font-weight); letter-spacing: var(--theme-letter-spacing); text-align: var(--text-align); text-transform: var(--theme-text-transform); background-color: var(--theme-palette-color-8);\">Nad\u00e8ge Tissier<\/span><span style=\"color: var(--theme-text-color); font-family: var(--theme-font-family); font-size: var(--theme-font-size); font-style: var(--theme-font-style, inherit); font-variant-ligatures: inherit; font-variant-caps: inherit; font-weight: var(--theme-font-weight); letter-spacing: var(--theme-letter-spacing); text-align: var(--text-align); text-transform: var(--theme-text-transform); background-color: var(--theme-palette-color-8);\">\u00a0Th\u00e9rapeute<\/span><span style=\"color: var(--theme-text-color); font-family: var(--fontFamily); font-size: inherit; font-style: var(--fontStyle, inherit); font-weight: var(--fontWeight); letter-spacing: var(--letterSpacing); text-align: inherit; text-transform: var(--textTransform);\">\u00a0ne saurait \u00eatre responsable de tous pr\u00e9judices directs ou indirects r\u00e9sultant de l\u2019utilisation du Site, et ce quelle qu\u2019en soit la cause ; notamment\u00a0<\/span><span style=\"color: var(--theme-text-color); font-family: var(--theme-font-family); font-size: var(--theme-font-size); font-style: var(--theme-font-style, inherit); font-variant-ligatures: inherit; font-variant-caps: inherit; font-weight: var(--theme-font-weight); letter-spacing: var(--theme-letter-spacing); text-align: var(--text-align); text-transform: var(--theme-text-transform); background-color: var(--theme-palette-color-8);\">Nad\u00e8ge Tissier<\/span><span style=\"color: var(--theme-text-color); font-family: var(--theme-font-family); font-size: var(--theme-font-size); font-style: var(--theme-font-style, inherit); font-variant-ligatures: inherit; font-variant-caps: inherit; font-weight: var(--theme-font-weight); letter-spacing: var(--theme-letter-spacing); text-align: var(--text-align); text-transform: var(--theme-text-transform); background-color: var(--theme-palette-color-8);\">\u00a0Th\u00e9rapeute<\/span><span style=\"color: var(--theme-text-color); font-family: var(--fontFamily); font-size: inherit; font-style: var(--fontStyle, inherit); font-weight: var(--fontWeight); letter-spacing: var(--letterSpacing); text-align: inherit; text-transform: var(--textTransform);\">\u00a0ne saurait \u00eatre responsable de l\u2019alt\u00e9ration ou de l\u2019acc\u00e8s frauduleux \u00e0 des donn\u00e9es et\/ou de la transmission accidentelle par le biais de virus.<\/span><\/p><p>De m\u00eame sa responsabilit\u00e9 ne saurait \u00eatre engag\u00e9e pour des faits dus \u00e0 un cas de force majeure, les pannes et les probl\u00e8mes d\u2019ordre technique concernant le mat\u00e9riel, les programmes et logiciels ou le r\u00e9seau Internet pouvant le cas \u00e9ch\u00e9ant entra\u00eener la suspension ou la cessation du site.<\/p><p>Par ailleurs,\u00a0<span style=\"color: var(--theme-text-color); font-family: var(--theme-font-family); font-size: var(--theme-font-size); font-style: var(--theme-font-style, inherit); font-variant-ligatures: inherit; font-variant-caps: inherit; font-weight: var(--theme-font-weight); letter-spacing: var(--theme-letter-spacing); text-align: var(--text-align); text-transform: var(--theme-text-transform); background-color: var(--theme-palette-color-8);\">Nad\u00e8ge Tissier<\/span><span style=\"color: var(--theme-text-color); font-family: var(--theme-font-family); font-size: var(--theme-font-size); font-style: var(--theme-font-style, inherit); font-variant-ligatures: inherit; font-variant-caps: inherit; font-weight: var(--theme-font-weight); letter-spacing: var(--theme-letter-spacing); text-align: var(--text-align); text-transform: var(--theme-text-transform); background-color: var(--theme-palette-color-8);\">\u00a0Th\u00e9rapeute<\/span>\u00a0d\u00e9cline toute responsabilit\u00e9 en cas de mauvaise utilisation de l\u2019ordinateur ou d\u2019incident li\u00e9 \u00e0 l\u2019utilisation de l\u2019ordinateur lors de l\u2019utilisation du Site et plus particuli\u00e8rement,\u00a0<span style=\"color: var(--theme-text-color); font-family: var(--theme-font-family); font-size: var(--theme-font-size); font-style: var(--theme-font-style, inherit); font-variant-ligatures: inherit; font-variant-caps: inherit; font-weight: var(--theme-font-weight); letter-spacing: var(--theme-letter-spacing); text-align: var(--text-align); text-transform: var(--theme-text-transform); background-color: var(--theme-palette-color-8);\">Nad\u00e8ge Tissier<\/span><span style=\"color: var(--theme-text-color); font-family: var(--theme-font-family); font-size: var(--theme-font-size); font-style: var(--theme-font-style, inherit); font-variant-ligatures: inherit; font-variant-caps: inherit; font-weight: var(--theme-font-weight); letter-spacing: var(--theme-letter-spacing); text-align: var(--text-align); text-transform: var(--theme-text-transform); background-color: var(--theme-palette-color-8);\">\u00a0Th\u00e9rapeute<\/span>\u00a0ne saurait \u00eatre tenue responsable de tout dommage, de quelque nature que ce soit, caus\u00e9 \u00e0 tout utilisateur, \u00e0 ses \u00e9quipements informatiques et aux donn\u00e9es qui y sont stock\u00e9es et aux cons\u00e9quences pouvant en d\u00e9couler sur son activit\u00e9 personnelle, professionnelle ou commerciale.<\/p><p><b>2. Contenu du site<\/b><br \/><span style=\"color: var(--theme-text-color); font-family: var(--theme-font-family); font-size: var(--theme-font-size); font-style: var(--theme-font-style, inherit); font-variant-ligatures: inherit; font-variant-caps: inherit; font-weight: var(--theme-font-weight); letter-spacing: var(--theme-letter-spacing); text-align: var(--text-align); text-transform: var(--theme-text-transform); background-color: var(--theme-palette-color-8);\">Nad\u00e8ge Tissier<\/span><span style=\"color: var(--theme-text-color); font-family: var(--theme-font-family); font-size: var(--theme-font-size); font-style: var(--theme-font-style, inherit); font-variant-ligatures: inherit; font-variant-caps: inherit; font-weight: var(--theme-font-weight); letter-spacing: var(--theme-letter-spacing); text-align: var(--text-align); text-transform: var(--theme-text-transform); background-color: var(--theme-palette-color-8);\">\u00a0Th\u00e9rapeute<\/span><span style=\"font-size: inherit; text-align: inherit; color: var(--theme-text-color); font-family: var(--fontFamily); font-style: var(--fontStyle, inherit); font-weight: var(--fontWeight); letter-spacing: var(--letterSpacing); text-transform: var(--textTransform);\">\u00a0s\u2019efforce d\u2019assurer au mieux de ses possibilit\u00e9s l\u2019exactitude et la mise \u00e0 jour des informations diffus\u00e9es sur le site, dont elle se r\u00e9serve le droit de corriger, \u00e0 tout moment et sans pr\u00e9avis, le contenu.<\/span><\/p><p>Cependant,\u00a0<span style=\"color: var(--theme-text-color); font-family: var(--theme-font-family); font-size: var(--theme-font-size); font-style: var(--theme-font-style, inherit); font-variant-ligatures: inherit; font-variant-caps: inherit; font-weight: var(--theme-font-weight); letter-spacing: var(--theme-letter-spacing); text-align: var(--text-align); text-transform: var(--theme-text-transform); background-color: var(--theme-palette-color-8);\">Nad\u00e8ge Tissier<\/span><span style=\"color: var(--theme-text-color); font-family: var(--theme-font-family); font-size: var(--theme-font-size); font-style: var(--theme-font-style, inherit); font-variant-ligatures: inherit; font-variant-caps: inherit; font-weight: var(--theme-font-weight); letter-spacing: var(--theme-letter-spacing); text-align: var(--text-align); text-transform: var(--theme-text-transform); background-color: var(--theme-palette-color-8);\">\u00a0Th\u00e9rapeute<\/span>\u00a0ne peut garantir l\u2019exactitude, la pr\u00e9cision et l\u2019exhaustivit\u00e9 des informations mises \u00e0 disposition sur le site.<\/p><p>En cons\u00e9quence, la responsabilit\u00e9 de\u00a0<span style=\"color: var(--theme-text-color); font-family: var(--theme-font-family); font-size: var(--theme-font-size); font-style: var(--theme-font-style, inherit); font-variant-ligatures: inherit; font-variant-caps: inherit; font-weight: var(--theme-font-weight); letter-spacing: var(--theme-letter-spacing); text-align: var(--text-align); text-transform: var(--theme-text-transform); background-color: var(--theme-palette-color-8);\">Nad\u00e8ge Tissier<\/span><span style=\"color: var(--theme-text-color); font-family: var(--theme-font-family); font-size: var(--theme-font-size); font-style: var(--theme-font-style, inherit); font-variant-ligatures: inherit; font-variant-caps: inherit; font-weight: var(--theme-font-weight); letter-spacing: var(--theme-letter-spacing); text-align: var(--text-align); text-transform: var(--theme-text-transform); background-color: var(--theme-palette-color-8);\">\u00a0Th\u00e9rapeute<\/span>\u00a0ne saurait \u00eatre engag\u00e9e :<br \/><span style=\"font-size: inherit; text-align: inherit; color: var(--theme-text-color); font-family: var(--fontFamily); font-style: var(--fontStyle, inherit); font-weight: var(--fontWeight); letter-spacing: var(--letterSpacing); text-transform: var(--textTransform);\">\u2013 pour toute impr\u00e9cision, inexactitude ou omission portant sur des informations disponibles sur le site,<br \/><\/span><span style=\"color: var(--theme-text-color); font-family: var(--fontFamily); font-size: inherit; font-style: var(--fontStyle, inherit); font-weight: var(--fontWeight); letter-spacing: var(--letterSpacing); text-align: inherit; text-transform: var(--textTransform);\">\u2013 pour tous dommages r\u00e9sultant d\u2019une intrusion d\u2019un tiers ayant entra\u00een\u00e9 une modification des informations mises \u00e0 disposition sur le site,<br \/><\/span><span style=\"color: var(--theme-text-color); font-family: var(--fontFamily); font-size: inherit; font-style: var(--fontStyle, inherit); font-weight: var(--fontWeight); letter-spacing: var(--letterSpacing); text-align: inherit; text-transform: var(--textTransform);\">\u2013 et plus g\u00e9n\u00e9ralement, pour tous dommages, directs ou indirects, quelles qu\u2019en soient les causes, origines, natures et cons\u00e9quences, provoqu\u00e9s \u00e0 raison de l\u2019utilisation du site et\/ou du cr\u00e9dit accord\u00e9 \u00e0 une quelconque information provenant directement ou indirectement de ce dernier.<\/span><\/p><p><b>UTILISATION DES DONN\u00c9ES<\/b><\/p><p>Certaines informations \u00e0 caract\u00e8re personnel sont collect\u00e9es sur ce Site. Par Information \u00e0 caract\u00e8re personnel, on entend \u00ab les informations qui permettent, sous quelque forme que ce soit, directement ou non, l\u2019identification des personnes physiques auxquelles elles s\u2019appliquent \u00bb.<br \/><span style=\"font-size: inherit; text-align: inherit; color: var(--theme-text-color); font-family: var(--fontFamily); font-style: var(--fontStyle, inherit); font-weight: var(--fontWeight); letter-spacing: var(--letterSpacing); text-transform: var(--textTransform);\">La collecte et le traitement des donn\u00e9es \u00e0 caract\u00e8re personnel de l\u2019utilisateur se font dans le respect de la loi fran\u00e7aise (loi n\u00b0 78-17 du 6 janvier 1978 modifi\u00e9e par la loi du 6 ao\u00fbt 2004) et des directives europ\u00e9ennes sur la protection des donn\u00e9es personnelles (Dir 2002\/58 12 Juillet 2002 et Directive 95\/46 du 24 Octobre 1995).<br \/><\/span><span style=\"color: var(--theme-text-color); font-family: var(--fontFamily); font-size: inherit; font-style: var(--fontStyle, inherit); font-weight: var(--fontWeight); letter-spacing: var(--letterSpacing); text-align: inherit; text-transform: var(--textTransform);\">En vertu de la loi fran\u00e7aise, l\u2019utilisateur b\u00e9n\u00e9ficie d\u2019un droit d\u2019acc\u00e8s, de rectification ou d\u2019opposition sur les donn\u00e9es \u00e0 caract\u00e8re personnel collect\u00e9es qui le concernent.<br \/><\/span><span style=\"color: var(--theme-text-color); font-family: var(--fontFamily); font-size: inherit; font-style: var(--fontStyle, inherit); font-weight: var(--fontWeight); letter-spacing: var(--letterSpacing); text-align: inherit; text-transform: var(--textTransform);\">Ces droits peuvent \u00eatre exerc\u00e9s, en choisissant la rubrique Contact du Site ou en envoyant un courrier \u00e9lectronique adress\u00e9 \u00e0 : contact@eveiltherapie.com<\/span><\/p><p><span style=\"color: var(--theme-text-color); font-family: var(--fontFamily); font-size: inherit; font-style: var(--fontStyle, inherit); font-weight: var(--fontWeight); letter-spacing: var(--letterSpacing); text-align: inherit; text-transform: var(--textTransform);\">Aucune information \u00e0 caract\u00e8re personnel concernant l\u2019utilisateur n\u2019est c\u00e9d\u00e9e \u00e0 des tiers ou utilis\u00e9e \u00e0 des fins non pr\u00e9vues. Elles pourront n\u00e9anmoins \u00eatre utilis\u00e9es pour des traitements \u00e0 des fins de statistiques anonymes.<\/span><\/p><p><b>HYPERLIENS<\/b><\/p><p>Le Site peut contenir des liens hypertextes allant vers d\u2019autres sites. Si l\u2019utilisateur visite l\u2019un de ces sites auxquels le pr\u00e9sent site renvoie,\u00a0<span style=\"color: var(--theme-text-color); font-family: var(--theme-font-family); font-size: var(--theme-font-size); font-style: var(--theme-font-style, inherit); font-variant-ligatures: inherit; font-variant-caps: inherit; font-weight: var(--theme-font-weight); letter-spacing: var(--theme-letter-spacing); text-align: var(--text-align); text-transform: var(--theme-text-transform); background-color: var(--theme-palette-color-8);\">Nad\u00e8ge Tissier<\/span><span style=\"color: var(--theme-text-color); font-family: var(--theme-font-family); font-size: var(--theme-font-size); font-style: var(--theme-font-style, inherit); font-variant-ligatures: inherit; font-variant-caps: inherit; font-weight: var(--theme-font-weight); letter-spacing: var(--theme-letter-spacing); text-align: var(--text-align); text-transform: var(--theme-text-transform); background-color: var(--theme-palette-color-8);\">\u00a0Th\u00e9rapeute<\/span>\u00a0invite l\u2019utilisateur \u00e0 prendre connaissance de sa politique, notamment en mati\u00e8re de protection des donn\u00e9es \u00e0 caract\u00e8re personnel.<br \/><span style=\"color: var(--theme-text-color); font-family: var(--theme-font-family); font-size: var(--theme-font-size); font-style: var(--theme-font-style, inherit); font-variant-ligatures: inherit; font-variant-caps: inherit; font-weight: var(--theme-font-weight); letter-spacing: var(--theme-letter-spacing); text-align: var(--text-align); text-transform: var(--theme-text-transform); background-color: var(--theme-palette-color-8);\">Nad\u00e8ge Tissier<\/span><span style=\"color: var(--theme-text-color); font-family: var(--theme-font-family); font-size: var(--theme-font-size); font-style: var(--theme-font-style, inherit); font-variant-ligatures: inherit; font-variant-caps: inherit; font-weight: var(--theme-font-weight); letter-spacing: var(--theme-letter-spacing); text-align: var(--text-align); text-transform: var(--theme-text-transform); background-color: var(--theme-palette-color-8);\">\u00a0Th\u00e9rapeute<\/span><span style=\"font-size: inherit; text-align: inherit; color: var(--theme-text-color); font-family: var(--fontFamily); font-style: var(--fontStyle, inherit); font-weight: var(--fontWeight); letter-spacing: var(--letterSpacing); text-transform: var(--textTransform);\">\u00a0ne prend aucun engagement concernant tout autre site auquel les utilisateurs du site pourraient avoir acc\u00e8s via le site et\u00a0<\/span><span style=\"text-align: var(--text-align); color: var(--theme-text-color); font-family: var(--theme-font-family); font-size: var(--theme-font-size); font-style: var(--theme-font-style, inherit); font-variant-ligatures: inherit; font-variant-caps: inherit; font-weight: var(--theme-font-weight); letter-spacing: var(--theme-letter-spacing); text-transform: var(--theme-text-transform); background-color: var(--theme-palette-color-8);\">Nad\u00e8ge Tissier<\/span><span style=\"text-align: var(--text-align); color: var(--theme-text-color); font-family: var(--theme-font-family); font-size: var(--theme-font-size); font-style: var(--theme-font-style, inherit); font-variant-ligatures: inherit; font-variant-caps: inherit; font-weight: var(--theme-font-weight); letter-spacing: var(--theme-letter-spacing); text-transform: var(--theme-text-transform); background-color: var(--theme-palette-color-8);\">\u00a0Th\u00e9rapeute<\/span><span style=\"color: var(--theme-text-color); font-family: var(--fontFamily); font-size: inherit; font-style: var(--fontStyle, inherit); font-weight: var(--fontWeight); letter-spacing: var(--letterSpacing); text-align: inherit; text-transform: var(--textTransform); font-variant-ligatures: inherit; font-variant-caps: inherit; background-color: var(--theme-palette-color-8);\">\u00a0ne serait en aucune fa\u00e7on \u00eatre responsable du contenu, fonctionnement et de l\u2019acc\u00e8s \u00e0 ces sites, ni des politiques, ni des pratiques d\u2019autres soci\u00e9t\u00e9s.<\/span><\/p><p><span style=\"font-size: inherit; text-align: inherit; color: var(--theme-text-color); font-family: var(--fontFamily); font-style: var(--fontStyle, inherit); font-weight: var(--fontWeight); letter-spacing: var(--letterSpacing); text-transform: var(--textTransform);\">Toute cr\u00e9ation d\u2019un lien hypertexte profond ou non vers le site est soumise \u00e0 l\u2019approbation pr\u00e9alable de\u00a0<\/span><span style=\"color: var(--theme-text-color); font-family: var(--theme-font-family); font-size: var(--theme-font-size); font-style: var(--theme-font-style, inherit); font-variant-ligatures: inherit; font-variant-caps: inherit; font-weight: var(--theme-font-weight); letter-spacing: var(--theme-letter-spacing); text-align: var(--text-align); text-transform: var(--theme-text-transform); background-color: var(--theme-palette-color-8);\">Nad\u00e8ge Tissier<\/span><span style=\"color: var(--theme-text-color); font-family: var(--theme-font-family); font-size: var(--theme-font-size); font-style: var(--theme-font-style, inherit); font-variant-ligatures: inherit; font-variant-caps: inherit; font-weight: var(--theme-font-weight); letter-spacing: var(--theme-letter-spacing); text-align: var(--text-align); text-transform: var(--theme-text-transform); background-color: var(--theme-palette-color-8);\">\u00a0Th\u00e9rapeute<\/span><span style=\"font-size: inherit; text-align: inherit; color: var(--theme-text-color); font-family: var(--fontFamily); font-style: var(--fontStyle, inherit); font-weight: var(--fontWeight); letter-spacing: var(--letterSpacing); text-transform: var(--textTransform);\">.<\/span><\/p><p><b>COOKIES<\/b><\/p><p>Le Site implante deux types de cookie dans l\u2019ordinateur de l\u2019utilisateur.<\/p><p><b>1. Cookie stockant des informations fournies par la personne concern\u00e9e<\/b><\/p><p>Ce cookie enregistre des informations relatives \u00e0 la navigation de l\u2019utilisateur sur le Site et stocke des informations que l\u2019utilisateur a saisi durant sa visite (nom et adresse \u00e9lectronique). Ainsi, l\u2019utilisateur n\u2019aura pas besoin, lors de sa prochaine visite de les saisir \u00e0 nouveau.\u00a0<span style=\"color: var(--theme-text-color); font-family: var(--theme-font-family); font-size: var(--theme-font-size); font-style: var(--theme-font-style, inherit); font-variant-ligatures: inherit; font-variant-caps: inherit; font-weight: var(--theme-font-weight); letter-spacing: var(--theme-letter-spacing); text-align: var(--text-align); text-transform: var(--theme-text-transform); background-color: var(--theme-palette-color-8);\">Nad\u00e8ge Tissier<\/span><span style=\"color: var(--theme-text-color); font-family: var(--theme-font-family); font-size: var(--theme-font-size); font-style: var(--theme-font-style, inherit); font-variant-ligatures: inherit; font-variant-caps: inherit; font-weight: var(--theme-font-weight); letter-spacing: var(--theme-letter-spacing); text-align: var(--text-align); text-transform: var(--theme-text-transform); background-color: var(--theme-palette-color-8);\">\u00a0Th\u00e9rapeute\u00a0<\/span>pourra les consulter lors des prochaines visites de l\u2019utilisateur.<\/p><p><b>2. Cookie stockant des informations relatives \u00e0 la navigation de l\u2019utilisateur<\/b><\/p><p>En outre, ce Site utilise Google Analytics, un service d\u2019analyse de site internet fourni par Google Inc. (ci-apr\u00e8s d\u00e9nomm\u00e9 \u00ab Google \u00bb). Google Analytics utilise des cookies pour aider\u00a0<span style=\"color: var(--theme-text-color); font-family: var(--theme-font-family); font-size: var(--theme-font-size); font-style: var(--theme-font-style, inherit); font-variant-ligatures: inherit; font-variant-caps: inherit; font-weight: var(--theme-font-weight); letter-spacing: var(--theme-letter-spacing); text-align: var(--text-align); text-transform: var(--theme-text-transform); background-color: var(--theme-palette-color-8);\">Nad\u00e8ge Tissier<\/span><span style=\"color: var(--theme-text-color); font-family: var(--theme-font-family); font-size: var(--theme-font-size); font-style: var(--theme-font-style, inherit); font-variant-ligatures: inherit; font-variant-caps: inherit; font-weight: var(--theme-font-weight); letter-spacing: var(--theme-letter-spacing); text-align: var(--text-align); text-transform: var(--theme-text-transform); background-color: var(--theme-palette-color-8);\">\u00a0Th\u00e9rapeute<\/span>\u00a0\u00e0 analyser l\u2019utilisation du Site par ses utilisateurs. Les donn\u00e9es g\u00e9n\u00e9r\u00e9es par les cookies concernant l\u2019utilisation du Site par l\u2019utilisateur (y compris son adresse IP) seront transmises et stock\u00e9es par Google sur des serveurs situ\u00e9s aux Etats-Unis. Google utilisera ces informations dans le but d\u2019\u00e9valuer l\u2019utilisation du Site par l\u2019utilisateur, de compiler des rapports sur l\u2019activit\u00e9 du site \u00e0 destination de\u00a0<span style=\"color: var(--theme-text-color); font-family: var(--theme-font-family); font-size: var(--theme-font-size); font-style: var(--theme-font-style, inherit); font-variant-ligatures: inherit; font-variant-caps: inherit; font-weight: var(--theme-font-weight); letter-spacing: var(--theme-letter-spacing); text-align: var(--text-align); text-transform: var(--theme-text-transform); background-color: var(--theme-palette-color-8);\">Nad\u00e8ge Tissier<\/span><span style=\"color: var(--theme-text-color); font-family: var(--theme-font-family); font-size: var(--theme-font-size); font-style: var(--theme-font-style, inherit); font-variant-ligatures: inherit; font-variant-caps: inherit; font-weight: var(--theme-font-weight); letter-spacing: var(--theme-letter-spacing); text-align: var(--text-align); text-transform: var(--theme-text-transform); background-color: var(--theme-palette-color-8);\">\u00a0Th\u00e9rapeute<\/span>\u00a0et de fournir d\u2019autres services relatifs \u00e0 l\u2019activit\u00e9 du Site et \u00e0 l\u2019utilisation d\u2019Internet.<\/p><p>Google est susceptible de communiquer ces donn\u00e9es \u00e0 des tiers en cas d\u2019obligation l\u00e9gale ou lorsque ces tiers traitent ces donn\u00e9es pour le compte de Google, y compris notamment <span style=\"color: var(--theme-text-color); font-family: var(--theme-font-family); font-size: var(--theme-font-size); font-style: var(--theme-font-style, inherit); font-variant-ligatures: inherit; font-variant-caps: inherit; font-weight: var(--theme-font-weight); letter-spacing: var(--theme-letter-spacing); text-align: var(--text-align); text-transform: var(--theme-text-transform); background-color: var(--theme-palette-color-8);\">Nad\u00e8ge Tissier<\/span><span style=\"color: var(--theme-text-color); font-family: var(--theme-font-family); font-size: var(--theme-font-size); font-style: var(--theme-font-style, inherit); font-variant-ligatures: inherit; font-variant-caps: inherit; font-weight: var(--theme-font-weight); letter-spacing: var(--theme-letter-spacing); text-align: var(--text-align); text-transform: var(--theme-text-transform); background-color: var(--theme-palette-color-8);\">\u00a0Th\u00e9rapeute<\/span>, l\u2019\u00e9diteur de ce Site. Google ne recoupera pas l\u2019adresse IP de l\u2019utilisateur avec toute autre donn\u00e9e d\u00e9tenue par Google.<br \/><span style=\"font-size: inherit; text-align: inherit; color: var(--theme-text-color); font-family: var(--fontFamily); font-style: var(--fontStyle, inherit); font-weight: var(--fontWeight); letter-spacing: var(--letterSpacing); text-transform: var(--textTransform);\">En utilisant ce site l\u2019utilisateur consent express\u00e9ment au traitement de ses donn\u00e9es \u00e0 caract\u00e8re personnel par Google dans les conditions et pour les finalit\u00e9s d\u00e9crites ci-dessus. La dur\u00e9e de conservation de ces informations dans l\u2019ordinateur de l\u2019utilisateur est de deux semaines.<br \/><\/span><span style=\"color: var(--theme-text-color); font-family: var(--fontFamily); font-size: inherit; font-style: var(--fontStyle, inherit); font-weight: var(--fontWeight); letter-spacing: var(--letterSpacing); text-align: inherit; text-transform: var(--textTransform);\">Nous informons l\u2019utilisateur qu\u2019il peut d\u00e9sactiver l\u2019utilisation de cookies en s\u00e9lectionnant les param\u00e8tres appropri\u00e9s de son navigateur. Cependant, une telle d\u00e9sactivation pourrait emp\u00eacher l\u2019utilisation de certaines fonctionnalit\u00e9s de ce site.<\/span><\/p><p><b>DROIT APPLICABLE<\/b><\/p><p>Le pr\u00e9sent site est soumis au droit fran\u00e7ais. L\u2019ensemble de son contenu, ses offres, ses services sont r\u00e9gis par la r\u00e9glementation fran\u00e7aise en vigueur.<br \/><span style=\"font-size: inherit; text-align: inherit; color: var(--theme-text-color); font-family: var(--fontFamily); font-style: var(--fontStyle, inherit); font-weight: var(--fontWeight); letter-spacing: var(--letterSpacing); text-transform: var(--textTransform);\">Toute interpr\u00e9tation, contestation ou revendication concernant ce site sera de la comp\u00e9tence des Tribunaux fran\u00e7ais.<br \/><\/span><span style=\"font-size: inherit; text-align: inherit; color: var(--theme-text-color); font-family: var(--fontFamily); font-style: var(--fontStyle, inherit); font-weight: var(--fontWeight); letter-spacing: var(--letterSpacing); text-transform: var(--textTransform);\">Si une disposition de ces CGU devait \u00eatre tenue pour non valide ou d\u00e9clar\u00e9e comme telle en application d\u2019une loi, d\u2019un r\u00e8glement ou \u00e0 la suite d\u2019une d\u00e9cision d\u00e9finitive d\u2019une juridiction comp\u00e9tente les autres dispositions resteront n\u00e9anmoins en vigueur.<\/span><\/p><p><b>MODIFICATION DES CGU<\/b><\/p><p><span style=\"text-align: var(--text-align); color: var(--theme-text-color); font-family: var(--theme-font-family); font-size: var(--theme-font-size); font-style: var(--theme-font-style, inherit); font-variant-ligatures: inherit; font-variant-caps: inherit; font-weight: var(--theme-font-weight); letter-spacing: var(--theme-letter-spacing); text-transform: var(--theme-text-transform); background-color: var(--theme-palette-color-8);\">Nad\u00e8ge Tissier<\/span><span style=\"text-align: var(--text-align); color: var(--theme-text-color); font-family: var(--theme-font-family); font-size: var(--theme-font-size); font-style: var(--theme-font-style, inherit); font-variant-ligatures: inherit; font-variant-caps: inherit; font-weight: var(--theme-font-weight); letter-spacing: var(--theme-letter-spacing); text-transform: var(--theme-text-transform); background-color: var(--theme-palette-color-8);\">\u00a0Th\u00e9rapeute<\/span><span style=\"font-size: inherit; text-align: inherit; color: var(--theme-text-color); font-family: var(--fontFamily); font-style: var(--fontStyle, inherit); font-weight: var(--fontWeight); letter-spacing: var(--letterSpacing); text-transform: var(--textTransform);\">\u00a0se r\u00e9serve le droit, \u00e0 sa seule discr\u00e9tion de changer, modifier, ajouter ou supprimer tout ou partie de ces CGU et ce quelque soit le moment. Il est de la responsabilit\u00e9 de l\u2019utilisateur de consulter les CGU du site r\u00e9guli\u00e8rement.<\/span><\/p><\/div><p><!-- \/wp:paragraph --><\/p>\t\t\t\t\t\t\t\t<\/div>\n\t\t\t\t<\/div>\n\t\t\t\t\t<\/div>\n\t\t\t\t<\/div>\n\t\t\t\t<\/div>\n\t\t","protected":false},"excerpt":{"rendered":"<p>Appeler Me contacter CONDITIONS G\u00c9N\u00c9RALES D\u2019UTILISATION Les pr\u00e9sentes conditions g\u00e9n\u00e9rales d\u2019utilisation (ci-apr\u00e8s d\u00e9nomm\u00e9es les \u00ab CGU \u00bb) s\u2019appliquent au site Internet dont l\u2019adresse url est\u00a0https:\/\/eveiltherapie.com\u00a0(ci-apr\u00e8s d\u00e9nomm\u00e9 \u00ab le site \u00bb), \u00e9dit\u00e9 par Nad\u00e8ge Tissier (ci-apr\u00e8s d\u00e9nomm\u00e9e \u00ab Nad\u00e8ge Tissier\u00a0Th\u00e9rapeute \u00bb). En utilisant ce Site, vous acceptez les CGU de ce Site d\u00e9finies ci \u2013 apr\u00e8s. [&hellip;]<\/p>\n","protected":false},"author":1,"featured_media":0,"parent":0,"menu_order":0,"comment_status":"closed","ping_status":"open","template":"","meta":{"footnotes":""},"class_list":["post-3","page","type-page","status-publish","hentry"],"blocksy_meta":[],"yoast_head":"<!-- This site is optimized with the Yoast SEO plugin v24.0 - https:\/\/yoast.com\/wordpress\/plugins\/seo\/ -->\n<title>Politique de confidentialit\u00e9 - Eveil Th\u00e9rapie<\/title>\n<meta name=\"robots\" content=\"index, follow, max-snippet:-1, max-image-preview:large, max-video-preview:-1\" \/>\n<link rel=\"canonical\" href=\"https:\/\/eveiltherapie.com\/index.php\/politique-de-confidentialite\/\" \/>\n<meta property=\"og:locale\" content=\"fr_FR\" \/>\n<meta property=\"og:type\" content=\"article\" \/>\n<meta property=\"og:title\" content=\"Politique de confidentialit\u00e9 - Eveil Th\u00e9rapie\" \/>\n<meta property=\"og:description\" content=\"Appeler Me contacter CONDITIONS G\u00c9N\u00c9RALES D\u2019UTILISATION Les pr\u00e9sentes conditions g\u00e9n\u00e9rales d\u2019utilisation (ci-apr\u00e8s d\u00e9nomm\u00e9es les \u00ab CGU \u00bb) s\u2019appliquent au site Internet dont l\u2019adresse url est\u00a0https:\/\/eveiltherapie.com\u00a0(ci-apr\u00e8s d\u00e9nomm\u00e9 \u00ab le site \u00bb), \u00e9dit\u00e9 par Nad\u00e8ge Tissier (ci-apr\u00e8s d\u00e9nomm\u00e9e \u00ab Nad\u00e8ge Tissier\u00a0Th\u00e9rapeute \u00bb). En utilisant ce Site, vous acceptez les CGU de ce Site d\u00e9finies ci \u2013 apr\u00e8s. [&hellip;]\" \/>\n<meta property=\"og:url\" content=\"https:\/\/eveiltherapie.com\/index.php\/politique-de-confidentialite\/\" \/>\n<meta property=\"og:site_name\" content=\"Eveil Th\u00e9rapie\" \/>\n<meta property=\"article:modified_time\" content=\"2024-12-09T13:18:06+00:00\" \/>\n<meta name=\"twitter:card\" content=\"summary_large_image\" \/>\n<meta name=\"twitter:label1\" content=\"Dur\u00e9e de lecture estim\u00e9e\" \/>\n\t<meta name=\"twitter:data1\" content=\"9 minutes\" \/>\n<script type=\"application\/ld+json\" class=\"yoast-schema-graph\">{\"@context\":\"https:\/\/schema.org\",\"@graph\":[{\"@type\":\"WebPage\",\"@id\":\"https:\/\/eveiltherapie.com\/index.php\/politique-de-confidentialite\/\",\"url\":\"https:\/\/eveiltherapie.com\/index.php\/politique-de-confidentialite\/\",\"name\":\"Politique de confidentialit\u00e9 - Eveil Th\u00e9rapie\",\"isPartOf\":{\"@id\":\"https:\/\/eveiltherapie.com\/#website\"},\"datePublished\":\"2024-11-04T13:16:18+00:00\",\"dateModified\":\"2024-12-09T13:18:06+00:00\",\"breadcrumb\":{\"@id\":\"https:\/\/eveiltherapie.com\/index.php\/politique-de-confidentialite\/#breadcrumb\"},\"inLanguage\":\"fr-FR\",\"potentialAction\":[{\"@type\":\"ReadAction\",\"target\":[\"https:\/\/eveiltherapie.com\/index.php\/politique-de-confidentialite\/\"]}]},{\"@type\":\"BreadcrumbList\",\"@id\":\"https:\/\/eveiltherapie.com\/index.php\/politique-de-confidentialite\/#breadcrumb\",\"itemListElement\":[{\"@type\":\"ListItem\",\"position\":1,\"name\":\"Accueil\",\"item\":\"https:\/\/eveiltherapie.com\/\"},{\"@type\":\"ListItem\",\"position\":2,\"name\":\"Politique de confidentialit\u00e9\"}]},{\"@type\":\"WebSite\",\"@id\":\"https:\/\/eveiltherapie.com\/#website\",\"url\":\"https:\/\/eveiltherapie.com\/\",\"name\":\"Eveil Th\u00e9rapie\",\"description\":\"S\u00e9r\u00e9nit\u00e9 et \u00e9quilibre \u00e9motionnel\",\"publisher\":{\"@id\":\"https:\/\/eveiltherapie.com\/#organization\"},\"potentialAction\":[{\"@type\":\"SearchAction\",\"target\":{\"@type\":\"EntryPoint\",\"urlTemplate\":\"https:\/\/eveiltherapie.com\/?s={search_term_string}\"},\"query-input\":{\"@type\":\"PropertyValueSpecification\",\"valueRequired\":true,\"valueName\":\"search_term_string\"}}],\"inLanguage\":\"fr-FR\"},{\"@type\":\"Organization\",\"@id\":\"https:\/\/eveiltherapie.com\/#organization\",\"name\":\"Eveil Th\u00e9rapie\",\"url\":\"https:\/\/eveiltherapie.com\/\",\"logo\":{\"@type\":\"ImageObject\",\"inLanguage\":\"fr-FR\",\"@id\":\"https:\/\/eveiltherapie.com\/#\/schema\/logo\/image\/\",\"url\":\"\",\"contentUrl\":\"\",\"caption\":\"Eveil Th\u00e9rapie\"},\"image\":{\"@id\":\"https:\/\/eveiltherapie.com\/#\/schema\/logo\/image\/\"}}]}<\/script>\n<!-- \/ Yoast SEO plugin. -->","yoast_head_json":{"title":"Politique de confidentialit\u00e9 - Eveil Th\u00e9rapie","robots":{"index":"index","follow":"follow","max-snippet":"max-snippet:-1","max-image-preview":"max-image-preview:large","max-video-preview":"max-video-preview:-1"},"canonical":"https:\/\/eveiltherapie.com\/index.php\/politique-de-confidentialite\/","og_locale":"fr_FR","og_type":"article","og_title":"Politique de confidentialit\u00e9 - Eveil Th\u00e9rapie","og_description":"Appeler Me contacter CONDITIONS G\u00c9N\u00c9RALES D\u2019UTILISATION Les pr\u00e9sentes conditions g\u00e9n\u00e9rales d\u2019utilisation (ci-apr\u00e8s d\u00e9nomm\u00e9es les \u00ab CGU \u00bb) s\u2019appliquent au site Internet dont l\u2019adresse url est\u00a0https:\/\/eveiltherapie.com\u00a0(ci-apr\u00e8s d\u00e9nomm\u00e9 \u00ab le site \u00bb), \u00e9dit\u00e9 par Nad\u00e8ge Tissier (ci-apr\u00e8s d\u00e9nomm\u00e9e \u00ab Nad\u00e8ge Tissier\u00a0Th\u00e9rapeute \u00bb). En utilisant ce Site, vous acceptez les CGU de ce Site d\u00e9finies ci \u2013 apr\u00e8s. [&hellip;]","og_url":"https:\/\/eveiltherapie.com\/index.php\/politique-de-confidentialite\/","og_site_name":"Eveil Th\u00e9rapie","article_modified_time":"2024-12-09T13:18:06+00:00","twitter_card":"summary_large_image","twitter_misc":{"Dur\u00e9e de lecture estim\u00e9e":"9 minutes"},"schema":{"@context":"https:\/\/schema.org","@graph":[{"@type":"WebPage","@id":"https:\/\/eveiltherapie.com\/index.php\/politique-de-confidentialite\/","url":"https:\/\/eveiltherapie.com\/index.php\/politique-de-confidentialite\/","name":"Politique de confidentialit\u00e9 - Eveil Th\u00e9rapie","isPartOf":{"@id":"https:\/\/eveiltherapie.com\/#website"},"datePublished":"2024-11-04T13:16:18+00:00","dateModified":"2024-12-09T13:18:06+00:00","breadcrumb":{"@id":"https:\/\/eveiltherapie.com\/index.php\/politique-de-confidentialite\/#breadcrumb"},"inLanguage":"fr-FR","potentialAction":[{"@type":"ReadAction","target":["https:\/\/eveiltherapie.com\/index.php\/politique-de-confidentialite\/"]}]},{"@type":"BreadcrumbList","@id":"https:\/\/eveiltherapie.com\/index.php\/politique-de-confidentialite\/#breadcrumb","itemListElement":[{"@type":"ListItem","position":1,"name":"Accueil","item":"https:\/\/eveiltherapie.com\/"},{"@type":"ListItem","position":2,"name":"Politique de confidentialit\u00e9"}]},{"@type":"WebSite","@id":"https:\/\/eveiltherapie.com\/#website","url":"https:\/\/eveiltherapie.com\/","name":"Eveil Th\u00e9rapie","description":"S\u00e9r\u00e9nit\u00e9 et \u00e9quilibre \u00e9motionnel","publisher":{"@id":"https:\/\/eveiltherapie.com\/#organization"},"potentialAction":[{"@type":"SearchAction","target":{"@type":"EntryPoint","urlTemplate":"https:\/\/eveiltherapie.com\/?s={search_term_string}"},"query-input":{"@type":"PropertyValueSpecification","valueRequired":true,"valueName":"search_term_string"}}],"inLanguage":"fr-FR"},{"@type":"Organization","@id":"https:\/\/eveiltherapie.com\/#organization","name":"Eveil Th\u00e9rapie","url":"https:\/\/eveiltherapie.com\/","logo":{"@type":"ImageObject","inLanguage":"fr-FR","@id":"https:\/\/eveiltherapie.com\/#\/schema\/logo\/image\/","url":"","contentUrl":"","caption":"Eveil Th\u00e9rapie"},"image":{"@id":"https:\/\/eveiltherapie.com\/#\/schema\/logo\/image\/"}}]}},"_links":{"self":[{"href":"https:\/\/eveiltherapie.com\/index.php\/wp-json\/wp\/v2\/pages\/3","targetHints":{"allow":["GET"]}}],"collection":[{"href":"https:\/\/eveiltherapie.com\/index.php\/wp-json\/wp\/v2\/pages"}],"about":[{"href":"https:\/\/eveiltherapie.com\/index.php\/wp-json\/wp\/v2\/types\/page"}],"author":[{"embeddable":true,"href":"https:\/\/eveiltherapie.com\/index.php\/wp-json\/wp\/v2\/users\/1"}],"replies":[{"embeddable":true,"href":"https:\/\/eveiltherapie.com\/index.php\/wp-json\/wp\/v2\/comments?post=3"}],"version-history":[{"count":21,"href":"https:\/\/eveiltherapie.com\/index.php\/wp-json\/wp\/v2\/pages\/3\/revisions"}],"predecessor-version":[{"id":3359,"href":"https:\/\/eveiltherapie.com\/index.php\/wp-json\/wp\/v2\/pages\/3\/revisions\/3359"}],"wp:attachment":[{"href":"https:\/\/eveiltherapie.com\/index.php\/wp-json\/wp\/v2\/media?parent=3"}],"curies":[{"name":"wp","href":"https:\/\/api.w.org\/{rel}","templated":true}]}}